{"id":528,"date":"2024-11-20T08:25:08","date_gmt":"2024-11-20T07:25:08","guid":{"rendered":"https:\/\/www.social-dynamite.com\/?page_id=528"},"modified":"2025-11-04T10:31:52","modified_gmt":"2025-11-04T09:31:52","slug":"le-collectif","status":"publish","type":"page","link":"https:\/\/www.social-dynamite.com\/en\/le-collectif\/","title":{"rendered":"(Fran\u00e7ais) Le collectif de Social Dynamite"},"content":{"rendered":"<div class=\"wpb-content-wrapper\"><p><\/p>\n<p>[vc_section][vc_row][vc_column][vc_column_text css=&#8221;&#8221;]<\/p>\n<h1>Le collectif de Social Dynamite<\/h1>\n<h2>Pour des projets impactants<\/h2>\n<p>Le Collectif de Social Dynamite, c\u2019est avant tout une alliance de professionnels exp\u00e9riment\u00e9s, anim\u00e9s par une vision commune : accompagner les entreprises dans leurs projets en alliant <strong>expertise pointue et ind\u00e9pendance totale<\/strong>.[\/vc_column_text][vc_row_inner][vc_column_inner width=&#8221;1\/2&#8243;][vc_empty_space][vc_column_text css=&#8221;&#8221;]<\/p>\n<h2>Une approche collaborative et ind\u00e9pendante<\/h2>\n<p>Nous ne sommes pas une agence. Nous sommes un collectif de talents unis pour vous offrir le meilleur accompagnement possible. Chaque expert conserve son ind\u00e9pendance, ce qui garantit un conseil objectif et parfaitement align\u00e9 sur vos besoins. Et surtout, nous vous accompagnons tant que n\u00e9cessaire, mais nous savons vous quitter d\u00e8s que vous \u00eates pr\u00eats \u00e0 voler de vos propres ailes.[\/vc_column_text][vc_empty_space][\/vc_column_inner][vc_column_inner width=&#8221;1\/2&#8243;][vc_empty_space][vc_column_text css=&#8221;&#8221;]<\/p>\n<h2>La capacit\u00e9 d\u2019une agence, sans les contraintes<\/h2>\n<p>Notre collectif agit avec la <strong>m\u00eame efficacit\u00e9 et capacit\u00e9 op\u00e9rationnelle qu\u2019une agence<\/strong> traditionnelle : nous sommes l\u00e0 pour concevoir, ex\u00e9cuter et d\u00e9livrer des solutions concr\u00e8tes et mesurables. Mais contrairement \u00e0 une agence, notre objectif est de vous rendre autonome rapidement.<\/p>\n<p>C&#8217;est aussi pour \u00e7a que les agences font appel \u00e0 nous ;-)[\/vc_column_text][vc_empty_space][\/vc_column_inner][\/vc_row_inner][\/vc_column][\/vc_row][vc_row full_width=&#8221;stretch_row&#8221; el_class=&#8221;LCSD_yellow&#8221;][vc_column width=&#8221;1\/2&#8243;][vc_empty_space][vc_column_text css=&#8221;&#8221;]<\/p>\n<h2>Une expertise riche et cumulative<\/h2>\n<p>Avec plus de 100 ans d\u2019exp\u00e9rience cumul\u00e9e, nous r\u00e9unissons un savoir-faire exceptionnel dans des domaines vari\u00e9s. Chaque membre du collectif a d\u00e9velopp\u00e9 une expertise pointue et enrichissante pour r\u00e9soudre vos probl\u00e9matiques avec un haut niveau de conseil et de pragmatisme.[\/vc_column_text][vc_empty_space][\/vc_column][vc_column width=&#8221;1\/2&#8243;][vc_empty_space][vc_column_text css=&#8221;&#8221;]<\/p>\n<h2>Une compl\u00e9mentarit\u00e9 unique pour accompagner tous vos projets<\/h2>\n<p>Notre force r\u00e9side dans la <strong>diversit\u00e9 et la compl\u00e9mentarit\u00e9 de nos comp\u00e9tences<\/strong>, qui couvrent tous les aspects n\u00e9cessaires \u00e0 la r\u00e9ussite de vos projets :<\/p>\n<ul>\n<li><strong>Strat\u00e9gie<\/strong> : D\u00e9finir une vision claire et r\u00e9aliste.<\/li>\n<li><strong>Commercial<\/strong> : Booster vos performances et vos processus.<\/li>\n<li><strong>Marketing &amp; communication<\/strong> : Construire et diffuser votre image.<\/li>\n<li><strong>Gestion financi\u00e8re, comptable et achats : Optimiser vos ressources<br \/>\n<\/strong><\/li>\n<li><strong>Digital &amp; Syst\u00e8mes d\u2019information<\/strong> : Passez du mondes des contraintes \u00e0 celui des solutions<\/li>\n<li><strong>Innovation &amp; RH<\/strong> : Favoriser la cr\u00e9ativit\u00e9 et renforcer vos \u00e9quipes.<\/li>\n<\/ul>\n<p>[\/vc_column_text][vc_empty_space][\/vc_column][\/vc_row][vc_row][vc_column][vc_empty_space][vc_column_text css=&#8221;&#8221;]<\/p>\n<h4>Notre collectif est con\u00e7u pour \u00eatre flexible et sur-mesure. Nous travaillons main dans la main avec vous, en alliant r\u00e9flexion strat\u00e9gique et mise en \u0153uvre op\u00e9rationnelle pour des r\u00e9sultats concrets, rapides et durables.<\/h4>\n<h4>Le Collectif de Social Dynamite, c\u2019est l\u2019assurance d\u2019un accompagnement <strong>sur-mesure, efficace et bienveillant<\/strong>, avec une expertise reconnue pour r\u00e9pondre \u00e0 vos d\u00e9fis les plus complexes. Faites de vos ambitions une r\u00e9alit\u00e9, en toute ind\u00e9pendance.<\/h4>\n<p>[\/vc_column_text][vc_empty_space][\/vc_column][\/vc_row][\/vc_section][vc_row full_width=&#8221;stretch_row&#8221; el_class=&#8221;LCSD_yellow&#8221;][vc_column][vc_row_inner][vc_column_inner width=&#8221;1\/4&#8243;][vc_empty_space][vc_hoverbox image=&#8221;582&#8243; primary_title=&#8221;Julien&#8221; hover_title=&#8221;Julien Carlier&#8221;]Serial entrepreneur (Social Dynamite, La Recyclerie Maritime, Bizweb Angel)<\/p>\n<p>Le truc de Julien c&#8217;est qu&#8217;il adore r\u00e9gler les probl\u00e8mes, plus ils sont gros plus il est dans son \u00e9l\u00e9ment.[\/vc_hoverbox][vc_empty_space][\/vc_column_inner][vc_column_inner width=&#8221;1\/4&#8243;][vc_empty_space][vc_hoverbox image=&#8221;581&#8243; primary_title=&#8221;Ana\u00efs&#8221; hover_title=&#8221;Ana\u00efs Dapoigny&#8221;]Fondatrice de l&#8217;agence Revelare<\/p>\n<p>Le truc d&#8217;Ana\u00efs c&#8217;est la r\u00e9ussite. D&#8217;abord dans le quotidien avec des relations avec une dose de bonne humeur in\u00e9gal\u00e9e et surtout dans les r\u00e9alisations qui doivent belles et performantes&#8230;[\/vc_hoverbox][vc_empty_space][\/vc_column_inner][vc_column_inner width=&#8221;1\/4&#8243;][vc_empty_space][vc_hoverbox image=&#8221;533&#8243; primary_title=&#8221;Cathy&#8221; hover_title=&#8221;Cathy Nicolas&#8221;]Fondatrice de We Love Details<\/p>\n<p>Le truc de Cathy c&#8217;est les d\u00e9tails, la coh\u00e9rence, les couleurs, les sauts de lignes, les alignements&#8230; Bref notre DA favorite passionn\u00e9e \u00e9videmment.[\/vc_hoverbox][vc_empty_space][\/vc_column_inner][vc_column_inner width=&#8221;1\/4&#8243;][vc_empty_space][vc_hoverbox image=&#8221;580&#8243; primary_title=&#8221;Simon&#8221; hover_title=&#8221;Simon Questerbert&#8221;]Fondateur de Studio Elements<\/p>\n<p>Le truc de Simon c&#8217;est la lumi\u00e8re, non seulement celle qu&#8217;il nous apporte avec son enthousiasme et son \u00e9nergie mais aussi celle qu&#8217;il capture avec ses cam\u00e9ra ;-)[\/vc_hoverbox][vc_empty_space][\/vc_column_inner][\/vc_row_inner][\/vc_column][\/vc_row]<\/p>\n<p><\/p>\n<\/div>","protected":false},"excerpt":{"rendered":"<p>[vc_section][vc_row][vc_column][vc_column_text css=&#8221;&#8221;] Le collectif de Social Dynamite Pour des projets impactants Le Collectif de Social Dynamite, c\u2019est avant tout une alliance de professionnels exp\u00e9riment\u00e9s, anim\u00e9s par une vision commune : &#8230;<\/p>\n","protected":false},"author":2,"featured_media":0,"parent":0,"menu_order":0,"comment_status":"closed","ping_status":"closed","template":"","meta":{"footnotes":""},"class_list":["post-528","page","type-page","status-publish","hentry"],"yoast_head":"<!-- This site is optimized with the Yoast SEO plugin v27.5 - https:\/\/yoast.com\/product\/yoast-seo-wordpress\/ -->\n<title>(Fran\u00e7ais) Le collectif de Social Dynamite - Social Dynamite accompagne les marques, leurs dirigeants et collaborateurs \u00e0 devenir des m\u00e9dias<\/title>\n<meta name=\"robots\" content=\"index, follow, max-snippet:-1, max-image-preview:large, max-video-preview:-1\" \/>\n<link rel=\"canonical\" href=\"https:\/\/www.social-dynamite.com\/en\/le-collectif\/\" \/>\n<meta property=\"og:locale\" content=\"en_US\" \/>\n<meta property=\"og:type\" content=\"article\" \/>\n<meta property=\"og:title\" content=\"(Fran\u00e7ais) Le collectif de Social Dynamite - Social Dynamite accompagne les marques, leurs dirigeants et collaborateurs \u00e0 devenir des m\u00e9dias\" \/>\n<meta property=\"og:description\" content=\"[vc_section][vc_row][vc_column][vc_column_text css=&#8221;&#8221;] Le collectif de Social Dynamite Pour des projets impactants Le Collectif de Social Dynamite, c\u2019est avant tout une alliance de professionnels exp\u00e9riment\u00e9s, anim\u00e9s par une vision commune : ...\" \/>\n<meta property=\"og:url\" content=\"https:\/\/www.social-dynamite.com\/en\/le-collectif\/\" \/>\n<meta property=\"og:site_name\" content=\"Social Dynamite accompagne les marques, leurs dirigeants et collaborateurs \u00e0 devenir des m\u00e9dias\" \/>\n<meta property=\"article:publisher\" content=\"https:\/\/www.facebook.com\/asocialdynamite\/\" \/>\n<meta property=\"article:modified_time\" content=\"2025-11-04T09:31:52+00:00\" \/>\n<meta name=\"twitter:card\" content=\"summary_large_image\" \/>\n<meta name=\"twitter:site\" content=\"@SocialDynamite\" \/>\n<meta name=\"twitter:label1\" content=\"Est. reading time\" \/>\n\t<meta name=\"twitter:data1\" content=\"3 minutes\" \/>\n<script type=\"application\/ld+json\" class=\"yoast-schema-graph\">{\"@context\":\"https:\\\/\\\/schema.org\",\"@graph\":[{\"@type\":\"WebPage\",\"@id\":\"https:\\\/\\\/www.social-dynamite.com\\\/en\\\/le-collectif\\\/\",\"url\":\"https:\\\/\\\/www.social-dynamite.com\\\/en\\\/le-collectif\\\/\",\"name\":\"(Fran\u00e7ais) Le collectif de Social Dynamite - Social Dynamite accompagne les marques, leurs dirigeants et collaborateurs \u00e0 devenir des m\u00e9dias\",\"isPartOf\":{\"@id\":\"https:\\\/\\\/www.social-dynamite.com\\\/en\\\/#website\"},\"datePublished\":\"2024-11-20T07:25:08+00:00\",\"dateModified\":\"2025-11-04T09:31:52+00:00\",\"breadcrumb\":{\"@id\":\"https:\\\/\\\/www.social-dynamite.com\\\/en\\\/le-collectif\\\/#breadcrumb\"},\"inLanguage\":\"en-US\",\"potentialAction\":[{\"@type\":\"ReadAction\",\"target\":[[\"https:\\\/\\\/www.social-dynamite.com\\\/en\\\/le-collectif\\\/\"]]}]},{\"@type\":\"BreadcrumbList\",\"@id\":\"https:\\\/\\\/www.social-dynamite.com\\\/en\\\/le-collectif\\\/#breadcrumb\",\"itemListElement\":[{\"@type\":\"ListItem\",\"position\":1,\"name\":\"Accueil\",\"item\":\"https:\\\/\\\/www.social-dynamite.com\\\/en\\\/\"},{\"@type\":\"ListItem\",\"position\":2,\"name\":\"Le collectif de Social Dynamite\"}]},{\"@type\":\"WebSite\",\"@id\":\"https:\\\/\\\/www.social-dynamite.com\\\/en\\\/#website\",\"url\":\"https:\\\/\\\/www.social-dynamite.com\\\/en\\\/\",\"name\":\"Social Dynamite accompagne les marques, leurs dirigeants et collaborateurs \u00e0 devenir des m\u00e9dias\",\"description\":\"Nous sommes tous des medias\",\"publisher\":{\"@id\":\"https:\\\/\\\/www.social-dynamite.com\\\/en\\\/#organization\"},\"potentialAction\":[{\"@type\":\"SearchAction\",\"target\":{\"@type\":\"EntryPoint\",\"urlTemplate\":\"https:\\\/\\\/www.social-dynamite.com\\\/en\\\/?s={search_term_string}\"},\"query-input\":{\"@type\":\"PropertyValueSpecification\",\"valueRequired\":true,\"valueName\":\"search_term_string\"}}],\"inLanguage\":\"en-US\"},{\"@type\":\"Organization\",\"@id\":\"https:\\\/\\\/www.social-dynamite.com\\\/en\\\/#organization\",\"name\":\"Social Dynamite\",\"url\":\"https:\\\/\\\/www.social-dynamite.com\\\/en\\\/\",\"logo\":{\"@type\":\"ImageObject\",\"inLanguage\":\"en-US\",\"@id\":\"https:\\\/\\\/www.social-dynamite.com\\\/en\\\/#\\\/schema\\\/logo\\\/image\\\/\",\"url\":\"https:\\\/\\\/www.social-dynamite.com\\\/wp-content\\\/uploads\\\/sites\\\/9\\\/2018\\\/01\\\/SocialDynamiteLogo_Flat_final-300.png\",\"contentUrl\":\"https:\\\/\\\/www.social-dynamite.com\\\/wp-content\\\/uploads\\\/sites\\\/9\\\/2018\\\/01\\\/SocialDynamiteLogo_Flat_final-300.png\",\"width\":300,\"height\":300,\"caption\":\"Social Dynamite\"},\"image\":{\"@id\":\"https:\\\/\\\/www.social-dynamite.com\\\/en\\\/#\\\/schema\\\/logo\\\/image\\\/\"},\"sameAs\":[\"https:\\\/\\\/www.facebook.com\\\/asocialdynamite\\\/\",\"https:\\\/\\\/x.com\\\/SocialDynamite\",\"https:\\\/\\\/www.linkedin.com\\\/company\\\/2648268\\\/\",\"https:\\\/\\\/www.youtube.com\\\/user\\\/aSocialDynamite\"]}]}<\/script>\n<!-- \/ Yoast SEO plugin. -->","yoast_head_json":{"title":"(Fran\u00e7ais) Le collectif de Social Dynamite - Social Dynamite accompagne les marques, leurs dirigeants et collaborateurs \u00e0 devenir des m\u00e9dias","robots":{"index":"index","follow":"follow","max-snippet":"max-snippet:-1","max-image-preview":"max-image-preview:large","max-video-preview":"max-video-preview:-1"},"canonical":"https:\/\/www.social-dynamite.com\/en\/le-collectif\/","og_locale":"en_US","og_type":"article","og_title":"(Fran\u00e7ais) Le collectif de Social Dynamite - Social Dynamite accompagne les marques, leurs dirigeants et collaborateurs \u00e0 devenir des m\u00e9dias","og_description":"[vc_section][vc_row][vc_column][vc_column_text css=&#8221;&#8221;] Le collectif de Social Dynamite Pour des projets impactants Le Collectif de Social Dynamite, c\u2019est avant tout une alliance de professionnels exp\u00e9riment\u00e9s, anim\u00e9s par une vision commune : ...","og_url":"https:\/\/www.social-dynamite.com\/en\/le-collectif\/","og_site_name":"Social Dynamite accompagne les marques, leurs dirigeants et collaborateurs \u00e0 devenir des m\u00e9dias","article_publisher":"https:\/\/www.facebook.com\/asocialdynamite\/","article_modified_time":"2025-11-04T09:31:52+00:00","twitter_card":"summary_large_image","twitter_site":"@SocialDynamite","twitter_misc":{"Est. reading time":"3 minutes"},"schema":{"@context":"https:\/\/schema.org","@graph":[{"@type":"WebPage","@id":"https:\/\/www.social-dynamite.com\/en\/le-collectif\/","url":"https:\/\/www.social-dynamite.com\/en\/le-collectif\/","name":"(Fran\u00e7ais) Le collectif de Social Dynamite - Social Dynamite accompagne les marques, leurs dirigeants et collaborateurs \u00e0 devenir des m\u00e9dias","isPartOf":{"@id":"https:\/\/www.social-dynamite.com\/en\/#website"},"datePublished":"2024-11-20T07:25:08+00:00","dateModified":"2025-11-04T09:31:52+00:00","breadcrumb":{"@id":"https:\/\/www.social-dynamite.com\/en\/le-collectif\/#breadcrumb"},"inLanguage":"en-US","potentialAction":[{"@type":"ReadAction","target":[["https:\/\/www.social-dynamite.com\/en\/le-collectif\/"]]}]},{"@type":"BreadcrumbList","@id":"https:\/\/www.social-dynamite.com\/en\/le-collectif\/#breadcrumb","itemListElement":[{"@type":"ListItem","position":1,"name":"Accueil","item":"https:\/\/www.social-dynamite.com\/en\/"},{"@type":"ListItem","position":2,"name":"Le collectif de Social Dynamite"}]},{"@type":"WebSite","@id":"https:\/\/www.social-dynamite.com\/en\/#website","url":"https:\/\/www.social-dynamite.com\/en\/","name":"Social Dynamite accompagne les marques, leurs dirigeants et collaborateurs \u00e0 devenir des m\u00e9dias","description":"Nous sommes tous des medias","publisher":{"@id":"https:\/\/www.social-dynamite.com\/en\/#organization"},"potentialAction":[{"@type":"SearchAction","target":{"@type":"EntryPoint","urlTemplate":"https:\/\/www.social-dynamite.com\/en\/?s={search_term_string}"},"query-input":{"@type":"PropertyValueSpecification","valueRequired":true,"valueName":"search_term_string"}}],"inLanguage":"en-US"},{"@type":"Organization","@id":"https:\/\/www.social-dynamite.com\/en\/#organization","name":"Social Dynamite","url":"https:\/\/www.social-dynamite.com\/en\/","logo":{"@type":"ImageObject","inLanguage":"en-US","@id":"https:\/\/www.social-dynamite.com\/en\/#\/schema\/logo\/image\/","url":"https:\/\/www.social-dynamite.com\/wp-content\/uploads\/sites\/9\/2018\/01\/SocialDynamiteLogo_Flat_final-300.png","contentUrl":"https:\/\/www.social-dynamite.com\/wp-content\/uploads\/sites\/9\/2018\/01\/SocialDynamiteLogo_Flat_final-300.png","width":300,"height":300,"caption":"Social Dynamite"},"image":{"@id":"https:\/\/www.social-dynamite.com\/en\/#\/schema\/logo\/image\/"},"sameAs":["https:\/\/www.facebook.com\/asocialdynamite\/","https:\/\/x.com\/SocialDynamite","https:\/\/www.linkedin.com\/company\/2648268\/","https:\/\/www.youtube.com\/user\/aSocialDynamite"]}]}},"_links":{"self":[{"href":"https:\/\/www.social-dynamite.com\/en\/wp-json\/wp\/v2\/pages\/528","targetHints":{"allow":["GET"]}}],"collection":[{"href":"https:\/\/www.social-dynamite.com\/en\/wp-json\/wp\/v2\/pages"}],"about":[{"href":"https:\/\/www.social-dynamite.com\/en\/wp-json\/wp\/v2\/types\/page"}],"author":[{"embeddable":true,"href":"https:\/\/www.social-dynamite.com\/en\/wp-json\/wp\/v2\/users\/2"}],"replies":[{"embeddable":true,"href":"https:\/\/www.social-dynamite.com\/en\/wp-json\/wp\/v2\/comments?post=528"}],"version-history":[{"count":30,"href":"https:\/\/www.social-dynamite.com\/en\/wp-json\/wp\/v2\/pages\/528\/revisions"}],"predecessor-version":[{"id":662,"href":"https:\/\/www.social-dynamite.com\/en\/wp-json\/wp\/v2\/pages\/528\/revisions\/662"}],"wp:attachment":[{"href":"https:\/\/www.social-dynamite.com\/en\/wp-json\/wp\/v2\/media?parent=528"}],"curies":[{"name":"wp","href":"https:\/\/api.w.org\/{rel}","templated":true}]}}